{"id":22,"date":"2025-01-21T20:08:29","date_gmt":"2025-01-21T19:08:29","guid":{"rendered":"https:\/\/qvcti.fr\/?page_id=22"},"modified":"2025-10-16T11:23:04","modified_gmt":"2025-10-16T09:23:04","slug":"formation-qvcti","status":"publish","type":"page","link":"https:\/\/qvcti.fr\/index.php\/formation-qvcti\/","title":{"rendered":"Se former"},"content":{"rendered":"<div class=\"et_pb_section_0 et_pb_section et_section_regular et_block_section\">\n<div class=\"et_pb_row_0 et_pb_row et_pb_gutters3 et_block_row\">\n<div class=\"et_pb_column_0 et_pb_column et_pb_column_3_5 et_block_column et_pb_css_mix_blend_mode_passthrough\">\n<div class=\"et_pb_text_0 et_pb_text et_pb_bg_layout_light et_pb_module et_flex_module\"><div class=\"et_pb_text_inner\"><h1>Intervenant.es, RH, acteurs de la sant\u00e9 au travail : formez-vous \u00e0 QVCT<strong><span style=\"color: #189eb0;\"><em><span style=\"font-family: Lora;\">i<\/span><\/em><\/span><\/strong>\u00ae !<\/h1>\n<\/div><\/div>\n\n<div class=\"et_pb_text_1 et_pb_text et_pb_bg_layout_light et_pb_module et_flex_module\"><div class=\"et_pb_text_inner\"><p style=\"text-align: left;\">QVCTi\u00ae int\u00e8gre les derni\u00e8res innovations de la recherche et combine ces savoirs avec les apports puissants de l\u2019intelligence artificielle. Alliant rigueur scientifique, terrain et participation active des acteurs, il accompagne les employeurs dans l\u2019implantation durable de pratiques organisationnelles vertueuses et mesurables.<\/p>\n<\/div><\/div>\n<\/div>\n\n<div class=\"et_pb_column_1 et_pb_column et_pb_column_2_5 et-last-child et_flex_column et_pb_css_mix_blend_mode_passthrough\">\n<div class=\"et_pb_image_0 et_pb_image et_pb_module et_flex_module\"><span class=\"et_pb_image_wrap\"><img decoding=\"async\" src=\"http:\/\/qvcti.fr\/wp-content\/uploads\/2025\/08\/Being-Creative-Streamline-Bangalore-3.svg\" class=\"wp-image-526\" \/><\/span><\/div>\n<\/div>\n<\/div>\n<\/div>\n\n<div class=\"et_pb_section_1 et_pb_section et_section_regular et_block_section\">\n<div class=\"et_pb_row_1 et_pb_row et_pb_gutters3 et_block_row\">\n<div class=\"et_pb_column_2 et_pb_column et_pb_column_4_4 et-last-child et_block_column et_pb_css_mix_blend_mode_passthrough\">\n<div class=\"et_pb_text_2 et_pb_text et_pb_bg_layout_light et_pb_module et_flex_module\"><div class=\"et_pb_text_inner\"><h2 style=\"text-align: center;\">Le parcours habilitant QVCT<span style=\"color: #189eb0;\"><strong><em><span style=\"font-family: Lora;\">i<\/span><\/em><\/strong><\/span><span>\u00ae<\/span><\/h2>\n<\/div><\/div>\n\n<div class=\"et_pb_text_3 et_pb_text et_pb_bg_layout_light et_pb_module et_flex_module\"><div class=\"et_pb_text_inner\"><p style=\"text-align: justify;\">D\u00e9couvrez le premier parcours de formation alliant rigueur scientifique et innovation pratique pour optimiser votre approche de la QVCT. Co-anim\u00e9 par des chercheurs et des praticiens experts, ce parcours vous permet d&#8217;int\u00e9grer les derni\u00e8res avanc\u00e9es de la recherche pour accompagner les organisations dans l&#8217;implantation de pratiques organisationnelles vertueuses et mesurables. En deux modules progressifs, ma\u00eetrisez les fondamentaux QVCTi\u00ae et obtenez votre habilitation pour d\u00e9ployer cette approche au sein des organisations.<\/p>\n<\/div><\/div>\n\n<div class=\"et_pb_row_2 et_pb_row et_pb_equal_columns et_pb_gutters3 et_pb_row_nested et_block_row\">\n<div class=\"et_pb_column_3 et_pb_column et_pb_column_1_3 et_block_column et_pb_css_mix_blend_mode_passthrough\">\n<div class=\"et_pb_icon_0 et_pb_icon et_pb_module et_flex_module\"><span class=\"et_pb_icon_wrap\"><span class=\"et-pb-icon\">\uf058<\/span><\/span><\/div>\n\n<div class=\"et_pb_heading_0 et_pb_heading et_pb_module et_flex_module\"><div class=\"et_pb_heading_container\"><h1 class=\"et_pb_module_header\">Une expertise scientifique reconnue<\/h1><\/div><\/div>\n\n<div class=\"et_pb_text_4 et_pb_text et_pb_bg_layout_light et_pb_module et_flex_module\"><div class=\"et_pb_text_inner\"><p>Formez-vous avec les cr\u00e9atrices du mod\u00e8le IPOV-R, premi\u00e8re mod\u00e9lisation scientifique fiable des pratiques organisationnelles vertueuses, et b\u00e9n\u00e9ficiez des derni\u00e8res recherches en QVCT.<\/p>\n<\/div><\/div>\n<\/div>\n\n<div class=\"et_pb_column_4 et_pb_column et_pb_column_1_3 et_block_column et_pb_css_mix_blend_mode_passthrough\">\n<div class=\"et_pb_icon_1 et_pb_icon et_pb_module et_flex_module\"><span class=\"et_pb_icon_wrap\"><span class=\"et-pb-icon\">\uf4d8<\/span><\/span><\/div>\n\n<div class=\"et_pb_heading_1 et_pb_heading et_pb_module et_flex_module\"><div class=\"et_pb_heading_container\"><h1 class=\"et_pb_module_header\">Une communaut\u00e9 d&#8217;experts engag\u00e9s<\/h1><\/div><\/div>\n\n<div class=\"et_pb_text_5 et_pb_text et_pb_bg_layout_light et_pb_module et_flex_module\"><div class=\"et_pb_text_inner\"><p>Int\u00e9grez un r\u00e9seau de praticiens et de chercheurs partageant leurs exp\u00e9riences et capitalisant ensemble sur les innovations en sant\u00e9 au travail et qualit\u00e9 de vie professionnelle.<\/p>\n<\/div><\/div>\n<\/div>\n\n<div class=\"et_pb_column_5 et_pb_column et_pb_column_1_3 et-last-child et_block_column et_pb_css_mix_blend_mode_passthrough\">\n<div class=\"et_pb_icon_2 et_pb_icon et_pb_module et_flex_module\"><span class=\"et_pb_icon_wrap\"><span class=\"et-pb-icon\">\uf005<\/span><\/span><\/div>\n\n<div class=\"et_pb_heading_2 et_pb_heading et_pb_module et_flex_module\"><div class=\"et_pb_heading_container\"><h1 class=\"et_pb_module_header\">Une habilitation professionnelle<\/h1><\/div><\/div>\n\n<div class=\"et_pb_text_6 et_pb_text et_pb_bg_layout_light et_pb_module et_flex_module\"><div class=\"et_pb_text_inner\"><p>Obtenez votre habilitation d&#8217;intervenant QVCTi\u00ae et enrichissez votre offre de services avec une approche diff\u00e9renciante dans le champ de la QVCT.<\/p>\n<\/div><\/div>\n<\/div>\n<\/div>\n<\/div>\n<\/div>\n<\/div>\n\n<div class=\"et_pb_section_2 et_pb_section et_section_regular et_block_section\">\n<div class=\"et_pb_row_3 et_pb_row et_pb_gutters3 et_block_row\">\n<div class=\"et_pb_column_6 et_pb_column et_pb_column_4_4 et-last-child et_block_column et_pb_css_mix_blend_mode_passthrough\">\n<div class=\"et_pb_text_7 et_pb_text et_pb_bg_layout_light et_pb_module et_flex_module\"><div class=\"et_pb_text_inner\"><h2 style=\"text-align: center;\">Les \u00e9tapes du parcours QVCT<span style=\"color: #189eb0;\"><strong><em><span style=\"font-family: Lora;\">i<\/span><\/em><\/strong><\/span><span>\u00ae<\/span><\/h2>\n<\/div><\/div>\n\n\n\n\n\n\n\n\n\n\n\n\n\n\n\n\n\n\n\n\n\n\n\n\n\n\n<\/div>\n<\/div>\n<\/div>\n\n<div class=\"et_pb_section_3 et_pb_section et_section_regular et_block_section cycle1\"><span class=\"et_pb_background_mask\"><\/span>\n<div class=\"et_pb_row_4 et_pb_row et_pb_gutters3 et_block_row\">\n<div class=\"et_pb_column_7 et_pb_column et_pb_column_4_4 et-last-child et_block_column et_pb_css_mix_blend_mode_passthrough\">\n<div class=\"et_pb_text_8 et_pb_text et_pb_bg_layout_light et_pb_module et_flex_module\"><div class=\"et_pb_text_inner\"><p style=\"text-align: justify;\">Ce premier module permet de d\u00e9couvrir les fondamentaux scientifiques et m\u00e9thodologiques de l&#8217;approche QVCTi<span>\u00ae<\/span>. Il peut \u00eatre suivi ind\u00e9pendamment, ou compl\u00e9t\u00e9 par le second module d&#8217;approfondissement. L&#8217;addition des deux modules donne lieu \u00e0 une habilitation QVCTi<span>\u00ae<\/span>.<\/p>\n<\/div><\/div>\n<\/div>\n<\/div>\n\n<div class=\"et_pb_row_5 et_pb_row et_pb_equal_columns et_pb_gutters3 et_block_row\">\n<div class=\"et_pb_column_8 et_pb_column et_pb_column_2_3 et_block_column et_pb_css_mix_blend_mode_passthrough\">\n<div class=\"et_pb_text_9 et_pb_text et_pb_bg_layout_light et_pb_module et_flex_module\"><div class=\"et_pb_text_inner\"><p>Prochaine session inter-entreprises : \u00e0 venir<\/p>\n<\/div><\/div>\n\n<div class=\"et_pb_text_10 et_pb_text et_pb_bg_layout_light et_pb_module et_flex_module\"><div class=\"et_pb_text_inner\"><p>8 participant.es max. \/ session<\/p>\n<\/div><\/div>\n<\/div>\n\n<div class=\"et_pb_column_9 et_pb_column et_pb_column_1_3 et-last-child et_block_column et_pb_css_mix_blend_mode_passthrough\">\n<div class=\"et_pb_module et_pb_button_module_wrapper et_pb_button_0_wrapper\"><a class=\"et_pb_button_0 et_pb_button et_pb_bg_layout_light et_pb_module et_flex_module\" href=\"https:\/\/adconseil.org\/?ff_landing=77\" target=\"_blank\" data-icon=\"\uf101\">Inscription<\/a><\/div>\n<\/div>\n<\/div>\n\n<div class=\"et_pb_row_6 et_pb_row et_pb_row_1-2_1-6_1-6_1-6 et_pb_equal_columns et_pb_gutters2 et_block_row\">\n<div class=\"et_pb_column_10 et_pb_column et_pb_column_1_2 et_block_column et_pb_css_mix_blend_mode_passthrough\">\n<div class=\"et_pb_text_11 et_pb_text et_pb_bg_layout_light et_pb_module et_flex_module\"><div class=\"et_pb_text_inner\"><h3>Publics :<\/h3>\n<ul>\n<li>Professionnels de la sant\u00e9 au travail et de la QVCT (psychologues, ergonomes, m\u00e9decins du travail, etc.)<\/li>\n<li>Acteurs RH<\/li>\n<li>Elus CSE<\/li>\n<li>Dirigeants et managers<\/li>\n<li>Tout autre professionnel intervenant sur le champ de la sant\u00e9 et des conditions de travail.<\/li>\n<\/ul>\n<\/div><\/div>\n<\/div>\n\n<div class=\"et_pb_column_11 et_pb_column et_pb_column_1_6 et_block_column et_pb_css_mix_blend_mode_passthrough\">\n<div class=\"et_pb_text_12 et_pb_text et_pb_bg_layout_light et_pb_module et_flex_module\"><div class=\"et_pb_text_inner\"><h3>Pr\u00e9requis :<\/h3>\n<p>Aucun pr\u00e9requis n&#8217;est n\u00e9cessaire pour suivre ce premier module.<\/p>\n<\/div><\/div>\n<\/div>\n\n<div class=\"et_pb_column_12 et_pb_column et_pb_column_1_6 et_block_column et_pb_css_mix_blend_mode_passthrough\">\n<div class=\"et_pb_text_13 et_pb_text et_pb_bg_layout_light et_pb_module et_flex_module\"><div class=\"et_pb_text_inner\"><h3>Dur\u00e9e et modalit\u00e9 :<\/h3>\n<ul>\n<li>1 journ\u00e9e (7 heures)<\/li>\n<li>En distanciel<\/li>\n<\/ul>\n<\/div><\/div>\n<\/div>\n\n<div class=\"et_pb_column_13 et_pb_column et_pb_column_1_6 et-last-child et_block_column et_pb_css_mix_blend_mode_passthrough\">\n<div class=\"et_pb_text_14 et_pb_text et_pb_bg_layout_light et_pb_module et_flex_module\"><div class=\"et_pb_text_inner\"><h3>Tarif :<\/h3>\n<p>900 \u20ac net de taxes par participant (\u00e9ligible financement OPCO)<\/p>\n<\/div><\/div>\n<\/div>\n<\/div>\n\n<div class=\"et_pb_row_7 et_pb_row et_pb_equal_columns et_pb_gutters2 et_block_row\">\n<div class=\"et_pb_column_14 et_pb_column et_pb_column_2_3 et_block_column et_pb_css_mix_blend_mode_passthrough\">\n<div class=\"et_pb_text_15 et_pb_text et_pb_bg_layout_light et_pb_module et_flex_module\"><div class=\"et_pb_text_inner\"><h3>Objectifs du module 1 :<\/h3>\n<div>\n<p><strong>Conna\u00eetre et comprendre\u00a0:<\/strong><\/p>\n<ul>\n<li>La d\u00e9finition et l\u2019\u00e9tat des connaissances sur la QVCT et autres notions connexes, \u00e0 la crois\u00e9e entre apports scientifiques et empiriques<\/li>\n<li>Les pratiques organisationnelles vertueuses (POV)\u00a0: une mod\u00e9lisation scientifique r\u00e9cente des pratiques formelles favorables \u00e0 la sant\u00e9 psychologique au travail<\/li>\n<li>L\u2019approche int\u00e9grative QVCTi\u00ae : le premier syst\u00e8me int\u00e9gr\u00e9 de management durable de la qualit\u00e9 de vie au travail recourant \u00e0 des traitements algorithmiques par IA<\/li>\n<\/ul>\n<p><strong>Savoir :<br \/><\/strong><\/p>\n<ul>\n<li>Mettre en d\u00e9bat le caract\u00e8re \u201cscientifiquement valide\u201d d\u2019une intervention en sant\u00e9 au travail<\/li>\n<li>Questionner les limites \u00e9thiques et m\u00e9thodologiques des pratiques courantes d\u2019intervention en QVCT<\/li>\n<li>Ancrer la QVCT au niveau strat\u00e9gique des organisations<\/li>\n<\/ul>\n<\/div>\n<p><span><\/span><\/p>\n<\/div><\/div>\n<\/div>\n\n<div class=\"et_pb_column_15 et_pb_column et_pb_column_1_3 et-last-child et_block_column et_pb_css_mix_blend_mode_passthrough\">\n<div class=\"et_pb_text_16 et_pb_text et_pb_bg_layout_light et_pb_module et_flex_module\"><div class=\"et_pb_text_inner\"><h3>Ressources et outils :\u00a0<\/h3>\n<ul>\n<li>Support p\u00e9dagogique complet<\/li>\n<li>Grille d&#8217;\u00e9valuation de la maturit\u00e9 organisationnelle<\/li>\n<li>Bibliographie scientifique<\/li>\n<\/ul>\n<\/div><\/div>\n<\/div>\n<\/div>\n\n<div class=\"et_pb_row_8 et_pb_row et_pb_gutters3 et_block_row\">\n<div class=\"et_pb_column_16 et_pb_column et_pb_column_4_4 et-last-child et_block_column et_pb_css_mix_blend_mode_passthrough\">\n<div class=\"et_pb_module et_pb_button_module_wrapper et_pb_button_1_wrapper\"><a class=\"et_pb_button_1 et_pb_button et_pb_bg_layout_light et_pb_module et_flex_module\" href=\"http:\/\/qvcti.fr\/wp-content\/uploads\/2025\/05\/Programme-QVCTi-Module-1.pdf\" target=\"_blank\" data-icon=\"\uf101\">Programme d\u00e9taill\u00e9<\/a><\/div>\n<\/div>\n<\/div>\n\n<div class=\"et_pb_row_9 et_pb_row et_pb_gutters3 et_block_row\">\n<div class=\"et_pb_column_17 et_pb_column et_pb_column_1_2 et_block_column et_pb_css_mix_blend_mode_passthrough\">\n<div class=\"et_pb_toggle_0 et_pb_toggle et_pb_toggle_item et_pb_toggle_close et_pb_module et_flex_module\"><h5 class=\"et_pb_toggle_title\">Evaluation des acquis<\/h5><div class=\"et_pb_toggle_content clearfix et_flex_module\"><ul>\n<li>Entr\u00e9e en formation : \u00e9tat des pratiques<\/li>\n<li>Fin de formation : feuille de route<\/li>\n<\/ul>\n<\/div><\/div>\n<\/div>\n\n<div class=\"et_pb_column_18 et_pb_column et_pb_column_1_2 et-last-child et_block_column et_pb_css_mix_blend_mode_passthrough\">\n<div class=\"et_pb_toggle_1 et_pb_toggle et_pb_toggle_item et_pb_toggle_close et_pb_module et_flex_module\"><h5 class=\"et_pb_toggle_title\">Apprenant.es en situation de handicap<\/h5><div class=\"et_pb_toggle_content clearfix et_flex_module\"><p>Vous \u00eates en situation de handicap ? Nos formations peuvent \u00eatre mises en accessibilit\u00e9 au regard de votre \u00e9tat de sant\u00e9. Nous sommes \u00e0 vos c\u00f4t\u00e9s pour identifier les am\u00e9nagements les plus adapt\u00e9s des modalit\u00e9s et des supports p\u00e9dagogiques ou les aides humaines pertinentes. Pour plus d\u2019informations, contactez notre r\u00e9f\u00e9rent handicap :<\/p>\n<p>referent-handicap@adconseil.org<\/p>\n<p>01 46 68 88 88<\/p>\n<\/div><\/div>\n<\/div>\n<\/div>\n<\/div>\n\n<div class=\"et_pb_section_4 et_pb_section et_section_regular et_block_section cycle2\"><span class=\"et_pb_background_mask\"><\/span>\n<div class=\"et_pb_row_10 et_pb_row et_pb_gutters3 et_block_row\">\n<div class=\"et_pb_column_19 et_pb_column et_pb_column_4_4 et-last-child et_block_column et_pb_css_mix_blend_mode_passthrough\">\n<div class=\"et_pb_text_17 et_pb_text et_pb_bg_layout_light et_pb_module et_flex_module\"><div class=\"et_pb_text_inner\"><p style=\"text-align: justify;\">Un second module pour acqu\u00e9rir les outils et les m\u00e9thodes QVCTi<span>\u00ae<\/span> et animer des d\u00e9marches int\u00e9gratives en tant qu&#8217;intervenant.e interne ou externe au sein des organisations.<\/p>\n<\/div><\/div>\n<\/div>\n<\/div>\n\n<div class=\"et_pb_row_11 et_pb_row et_pb_equal_columns et_pb_gutters3 et_block_row\">\n<div class=\"et_pb_column_20 et_pb_column et_pb_column_4_4 et-last-child et_block_column et_pb_css_mix_blend_mode_passthrough\">\n<div class=\"et_pb_text_18 et_pb_text et_pb_bg_layout_light et_pb_module et_flex_module\"><div class=\"et_pb_text_inner\"><p>Inscriptions r\u00e9serv\u00e9es aux personnes ayant suivi le Module 1<\/p>\n<\/div><\/div>\n\n<div class=\"et_pb_text_19 et_pb_text et_pb_bg_layout_light et_pb_module et_flex_module\"><div class=\"et_pb_text_inner\"><p>8 participant.es max. \/ session<\/p>\n<\/div><\/div>\n<\/div>\n<\/div>\n\n<div class=\"et_pb_row_12 et_pb_row et_pb_equal_columns et_pb_gutters3 et_block_row\">\n<div class=\"et_pb_column_21 et_pb_column et_pb_column_4_4 et-last-child et_block_column et_pb_css_mix_blend_mode_passthrough\">\n<div class=\"et_pb_text_20 et_pb_text et_pb_bg_layout_light et_pb_module et_flex_module\"><div class=\"et_pb_text_inner\"><h3><span>\ud83d\uddf8 <\/span>HABILITATION QVCTi<span>\u00ae<\/span><span>\u00a0:<\/span><\/h3>\n<p>Au terme de ce second module, et sous r\u00e9serve d&#8217;\u00e9valuation des acquis valid\u00e9e, vous serez habilit\u00e9.e en qualit\u00e9 d&#8217;intervenant.e QVCTi<span>\u00ae<\/span>. L&#8217;habilitation inclut :<\/p>\n<ul>\n<li>La qualification pour d\u00e9ployer la d\u00e9marche QVCTi<span>\u00ae<\/span> au sein d&#8217;une ou plusieurs organisations<\/li>\n<li>Un acc\u00e8s de deux ann\u00e9es \u00e0 l&#8217;application IPOV permettant de d\u00e9ployer et d&#8217;analyser le questionnaire des pratiques organisationnelles vertueuses<\/li>\n<li>Un temps annuel de retour d&#8217;exp\u00e9riences, de capitalisation et de mise \u00e0 jour des connaissances scientifiques.<\/li>\n<\/ul>\n<\/div><\/div>\n<\/div>\n<\/div>\n\n<div class=\"et_pb_row_13 et_pb_row et_pb_row_4col et_pb_equal_columns et_pb_gutters2 et_block_row\">\n<div class=\"et_pb_column_22 et_pb_column et_pb_column_1_4 et_block_column et_pb_css_mix_blend_mode_passthrough\">\n<div class=\"et_pb_text_21 et_pb_text et_pb_bg_layout_light et_pb_module et_flex_module\"><div class=\"et_pb_text_inner\"><h3>Publics :<\/h3>\n<ul>\n<li>Professionnels de la sant\u00e9 au travail et de la QVCT (psychologues, ergonomes, m\u00e9decins du travail, etc.)<\/li>\n<li>Acteurs RH<\/li>\n<li>Elus CSE<\/li>\n<li>Dirigeants et managers<\/li>\n<li>Tout autre professionnel intervenant sur le champ de la sant\u00e9 et des conditions de travail.<\/li>\n<\/ul>\n<\/div><\/div>\n<\/div>\n\n<div class=\"et_pb_column_23 et_pb_column et_pb_column_1_4 et_block_column et_pb_css_mix_blend_mode_passthrough\">\n<div class=\"et_pb_text_22 et_pb_text et_pb_bg_layout_light et_pb_module et_flex_module\"><div class=\"et_pb_text_inner\"><h3>Pr\u00e9requis :<\/h3>\n<p>Avoir suivi le module 1 sur les fondamentaux<\/p>\n<\/div><\/div>\n<\/div>\n\n<div class=\"et_pb_column_24 et_pb_column et_pb_column_1_4 et_block_column et_pb_css_mix_blend_mode_passthrough\">\n<div class=\"et_pb_text_23 et_pb_text et_pb_bg_layout_light et_pb_module et_flex_module\"><div class=\"et_pb_text_inner\"><h3>Dur\u00e9e et modalit\u00e9 :<\/h3>\n<ul>\n<li>4 demi-journ\u00e9es (14 heures) avec travaux intersessions<\/li>\n<li>En distanciel\u00a0<\/li>\n<\/ul>\n<\/div><\/div>\n<\/div>\n\n<div class=\"et_pb_column_25 et_pb_column et_pb_column_1_4 et-last-child et_block_column et_pb_css_mix_blend_mode_passthrough\">\n<div class=\"et_pb_text_24 et_pb_text et_pb_bg_layout_light et_pb_module et_flex_module\"><div class=\"et_pb_text_inner\"><h3>Tarif :<\/h3>\n<p>Formation : 1 400 \u20ac net de taxes par participant \u00e9ligible financement OPCO<\/p>\n<\/div><\/div>\n\n<div class=\"et_pb_text_25 et_pb_text et_pb_bg_layout_light et_pb_module et_flex_module\"><div class=\"et_pb_text_inner\"><p style=\"text-align: center;\">+<\/p>\n<\/div><\/div>\n\n<div class=\"et_pb_text_26 et_pb_text et_pb_bg_layout_light et_pb_module et_flex_module\"><div class=\"et_pb_text_inner\"><p>Licence de 2 ans d&#8217;acc\u00e8s \u00e0 l&#8217;application IPOV :<\/p>\n<ul>\n<li>200 \u20ac (1 entreprise)<\/li>\n<li>900 \u20ac (multi-entreprises)<\/li>\n<\/ul>\n<p>&nbsp;<\/p>\n<\/div><\/div>\n<\/div>\n<\/div>\n\n<div class=\"et_pb_row_14 et_pb_row et_pb_equal_columns et_pb_gutters2 et_block_row\">\n<div class=\"et_pb_column_26 et_pb_column et_pb_column_2_3 et_block_column et_pb_css_mix_blend_mode_passthrough\">\n<div class=\"et_pb_text_27 et_pb_text et_pb_bg_layout_light et_pb_module et_flex_module\"><div class=\"et_pb_text_inner\"><p><b>Conna\u00eetre et comprendre :<\/b><\/p>\n<ul>\n<li style=\"font-weight: 400;\" aria-level=\"1\"><span style=\"font-weight: 400;\">La notion de milieu de travail sain (healthy workplace)\u00a0<\/span><\/li>\n<li style=\"font-weight: 400;\" aria-level=\"1\"><span style=\"font-weight: 400;\">Les pratiques organisationnelles vertueuses (POV) et l\u2019outil de mesure IPOV<\/span><\/li>\n<li style=\"font-weight: 400;\" aria-level=\"1\"><span style=\"font-weight: 400;\">Les fondamentaux de l\u2019approche int\u00e9grative : maturit\u00e9, sch\u00e9ma de pilotage, \u00e9tapes d\u2019implantation<\/span><\/li>\n<\/ul>\n<p><b>Savoir :<\/b><\/p>\n<ul>\n<li style=\"font-weight: 400;\" aria-level=\"1\"><span style=\"font-weight: 400;\">Exploiter l\u2019IPOV et en interpr\u00e9ter les r\u00e9sultats<\/span><\/li>\n<li style=\"font-weight: 400;\" aria-level=\"1\"><span style=\"font-weight: 400;\">Evaluer la maturit\u00e9 organisationnelle de son organisation et identifier les pr\u00e9requis \u00e0 l\u2019implantation d\u2019une d\u00e9marche int\u00e9grative<\/span><\/li>\n<li style=\"font-weight: 400;\" aria-level=\"1\"><span style=\"font-weight: 400;\">Evaluer son niveau de maturit\u00e9 et identifier les pr\u00e9requis pour atteindre le niveau de maturit\u00e9 requis<\/span><\/li>\n<li style=\"font-weight: 400;\" aria-level=\"1\"><span style=\"font-weight: 400;\">D\u00e9finir un sch\u00e9ma de pilotage adapt\u00e9<\/span><\/li>\n<li style=\"font-weight: 400;\" aria-level=\"1\"><span style=\"font-weight: 400;\">Identifier le p\u00e9rim\u00e8tre d&#8217;implantation dans une logique d&#8217;exp\u00e9rimentation \/ essaimage<\/span><\/li>\n<li style=\"font-weight: 400;\" aria-level=\"1\"><span style=\"font-weight: 400;\">Accompagner chaque \u00e9tape du cycle <\/span>QVCTi<span style=\"font-size: 15px;\">\u00ae<\/span><\/li>\n<\/ul>\n<ul><\/ul>\n<\/div><\/div>\n<\/div>\n\n<div class=\"et_pb_column_27 et_pb_column et_pb_column_1_3 et-last-child et_block_column et_pb_css_mix_blend_mode_passthrough\">\n<div class=\"et_pb_text_28 et_pb_text et_pb_bg_layout_light et_pb_module et_flex_module\"><div class=\"et_pb_text_inner\"><h3>Outils et livrables :<\/h3>\n<ul>\n<li>Support p\u00e9dagogique complet<\/li>\n<li>Application IPOV avec module d&#8217;\u00e9valuation et interface d&#8217;analyse<\/li>\n<li>Guide de structuration d&#8217;un sch\u00e9ma de pilotage<\/li>\n<li>Supports d&#8217;animation de la d\u00e9marche<\/li>\n<li>Revue scientifique<\/li>\n<\/ul>\n<\/div><\/div>\n<\/div>\n<\/div>\n\n<div class=\"et_pb_row_15 et_pb_row et_pb_gutters3 et_block_row\">\n<div class=\"et_pb_column_28 et_pb_column et_pb_column_4_4 et-last-child et_block_column et_pb_css_mix_blend_mode_passthrough\">\n\n\n\n\n\n\n\n\n\n\n\n\n\n\n\n\n\n\n\n\n\n\n\n\n\n<\/div>\n<\/div>\n\n<div class=\"et_pb_row_16 et_pb_row et_pb_gutters3 et_block_row\">\n<div class=\"et_pb_column_29 et_pb_column et_pb_column_1_2 et_block_column et_pb_css_mix_blend_mode_passthrough\">\n<div class=\"et_pb_toggle_2 et_pb_toggle et_pb_toggle_item et_pb_toggle_close et_pb_module et_flex_module\"><h5 class=\"et_pb_toggle_title\">Evaluation des acquis<\/h5><div class=\"et_pb_toggle_content clearfix et_flex_module\"><ul>\n<li>En entr\u00e9e en formation : \u00e9tat des pratiques et quizz d\u2019auto-positionnement<\/li>\n<li>Pendant la formation : \u00e0 travers les \u00e9l\u00e9ments produits en ateliers et travaux de groupes<\/li>\n<li>A la fin de la formation : feuille de route individuelle<\/li>\n<\/ul>\n<\/div><\/div>\n<\/div>\n\n<div class=\"et_pb_column_30 et_pb_column et_pb_column_1_2 et-last-child et_block_column et_pb_css_mix_blend_mode_passthrough\">\n<div class=\"et_pb_toggle_3 et_pb_toggle et_pb_toggle_item et_pb_toggle_close et_pb_module et_flex_module\"><h5 class=\"et_pb_toggle_title\">Apprenant.es en situation de handicap<\/h5><div class=\"et_pb_toggle_content clearfix et_flex_module\"><p>Vous \u00eates en situation de handicap ? Nos formations peuvent \u00eatre mises en accessibilit\u00e9 au regard de votre \u00e9tat de sant\u00e9. Nous sommes \u00e0 vos c\u00f4t\u00e9s pour identifier les am\u00e9nagements les plus adapt\u00e9s des modalit\u00e9s et des supports p\u00e9dagogiques ou les aides humaines pertinentes. Pour plus d\u2019informations, contactez notre r\u00e9f\u00e9rent handicap :<\/p>\n<p>referent-handicap@adconseil.org<\/p>\n<p>01 46 68 88 88<\/p>\n<\/div><\/div>\n<\/div>\n<\/div>\n<\/div>","protected":false},"excerpt":{"rendered":"","protected":false},"author":2,"featured_media":0,"parent":0,"menu_order":0,"comment_status":"closed","ping_status":"closed","template":"","meta":{"_et_pb_use_builder":"on","_et_pb_old_content":"","_et_gb_content_width":"","footnotes":""},"dipi_cpt_category":[],"class_list":["post-22","page","type-page","status-publish","hentry"],"_links":{"self":[{"href":"https:\/\/qvcti.fr\/index.php\/wp-json\/wp\/v2\/pages\/22","targetHints":{"allow":["GET"]}}],"collection":[{"href":"https:\/\/qvcti.fr\/index.php\/wp-json\/wp\/v2\/pages"}],"about":[{"href":"https:\/\/qvcti.fr\/index.php\/wp-json\/wp\/v2\/types\/page"}],"author":[{"embeddable":true,"href":"https:\/\/qvcti.fr\/index.php\/wp-json\/wp\/v2\/users\/2"}],"replies":[{"embeddable":true,"href":"https:\/\/qvcti.fr\/index.php\/wp-json\/wp\/v2\/comments?post=22"}],"version-history":[{"count":129,"href":"https:\/\/qvcti.fr\/index.php\/wp-json\/wp\/v2\/pages\/22\/revisions"}],"predecessor-version":[{"id":1240,"href":"https:\/\/qvcti.fr\/index.php\/wp-json\/wp\/v2\/pages\/22\/revisions\/1240"}],"wp:attachment":[{"href":"https:\/\/qvcti.fr\/index.php\/wp-json\/wp\/v2\/media?parent=22"}],"wp:term":[{"taxonomy":"dipi_cpt_category","embeddable":true,"href":"https:\/\/qvcti.fr\/index.php\/wp-json\/wp\/v2\/dipi_cpt_category?post=22"}],"curies":[{"name":"wp","href":"https:\/\/api.w.org\/{rel}","templated":true}]}}