{"id":278,"date":"2025-08-09T15:22:49","date_gmt":"2025-08-09T13:22:49","guid":{"rendered":"https:\/\/qvcti.fr\/?page_id=278"},"modified":"2026-02-05T14:37:22","modified_gmt":"2026-02-05T13:37:22","slug":"qvcti-accueil","status":"publish","type":"page","link":"https:\/\/qvcti.fr\/","title":{"rendered":"QVCTi Accueil"},"content":{"rendered":"<div class=\"et_pb_section_0 et_pb_section et_section_regular et_block_section section_has_divider et_pb_bottom_divider\">\n<div class=\"et_pb_row_0 et_pb_row et_pb_gutters3 et_block_row\">\n<div class=\"et_pb_column_0 et_pb_column et_pb_column_3_5 et_block_column et_pb_css_mix_blend_mode_passthrough\">\n<div class=\"et_pb_text_0 et_pb_text et_pb_bg_layout_light et_animated et_pb_module et_block_module\"><div class=\"et_pb_text_inner\"><h1>QVCT<strong><span style=\"color: #189eb0;\"><em><span style=\"font-family: Lora;\">i<\/span><\/em><\/span><\/strong>\u00ae : l\u2019innovation qui transforme durablement les conditions de travail<\/h1>\n<\/div><\/div>\n\n<div class=\"et_pb_text_1 et_pb_text et_pb_bg_layout_light et_animated et_pb_module et_block_module\"><div class=\"et_pb_text_inner\"><p style=\"text-align: left;\">En cr\u00e9ant le premier syst\u00e8me int\u00e9gr\u00e9 de management durable de la QVCT fond\u00e9 sur des preuves scientifiques, QVCTi\u00ae bouscule l&#8217;intervention en faveur de la QVCT. Cette approche scientifique et m\u00e9thodologique innovante combine donn\u00e9es scientifiques, exp\u00e9rience terrain, r\u00e9alit\u00e9 organisationnelle et participation active des personnes concern\u00e9es, pour aider les employeurs \u00e0 implanter durablement des pratiques organisationnelles vertueuses.<\/p>\n<\/div><\/div>\n<\/div>\n\n<div class=\"et_pb_column_1 et_pb_column et_pb_column_2_5 et-last-child et_flex_column et_pb_css_mix_blend_mode_passthrough\">\n<div class=\"et_pb_image_0 et_pb_image et_animated et_pb_module et_block_module\"><span class=\"et_pb_image_wrap\"><img decoding=\"async\" src=\"http:\/\/qvcti.fr\/wp-content\/uploads\/2025\/08\/Charts-Pie-And-Bars-Streamline-Bangalore-6.svg\" class=\"wp-image-355\" \/><\/span><\/div>\n<\/div>\n<\/div>\n\n<div class=\"et_pb_row_1 et_pb_row et_pb_equal_columns et_pb_gutters3 et_block_row\">\n<div class=\"et_pb_column_2 et_pb_column et_pb_column_1_3 et_block_column et_pb_css_mix_blend_mode_passthrough\">\n<div class=\"et_pb_image_1 et_pb_image et_pb_module et_block_module\"><span class=\"et_pb_image_wrap\"><img loading=\"lazy\" decoding=\"async\" src=\"http:\/\/qvcti.fr\/wp-content\/uploads\/2025\/01\/hands-together.png\" width=\"256\" height=\"256\" class=\"wp-image-73\" title=\"hands-together\" \/><\/span><\/div>\n\n<div class=\"et_pb_heading_0 et_pb_heading et_pb_module et_block_module\"><div class=\"et_pb_heading_container\"><h1 class=\"et_pb_module_header\">Un syst\u00e8me de management int\u00e9gr\u00e9 de la QVCT<\/h1><\/div><\/div>\n\n<div class=\"et_pb_text_2 et_pb_text et_pb_bg_layout_light et_pb_module et_block_module\"><div class=\"et_pb_text_inner\"><p>Une vision de la QVCT reposant sur une cha\u00eene internalis\u00e9e de comp\u00e9tences port\u00e9es collectivement, du top management aux salari\u00e9s.<\/p>\n<\/div><\/div>\n<\/div>\n\n<div class=\"et_pb_column_3 et_pb_column et_pb_column_1_3 et_block_column et_pb_css_mix_blend_mode_passthrough\"><span class=\"et_pb_background_mask\"><\/span>\n<div class=\"et_pb_image_2 et_pb_image et_pb_module et_block_module\"><span class=\"et_pb_image_wrap\"><img loading=\"lazy\" decoding=\"async\" src=\"http:\/\/qvcti.fr\/wp-content\/uploads\/2025\/01\/function-process.png\" width=\"256\" height=\"256\" class=\"wp-image-71\" title=\"function-process\" \/><\/span><\/div>\n\n<div class=\"et_pb_heading_1 et_pb_heading et_pb_module et_block_module\"><div class=\"et_pb_heading_container\"><h1 class=\"et_pb_module_header\">Un mod\u00e8le scientifique centr\u00e9 sur les pratiques organisationnelles<\/h1><\/div><\/div>\n\n<div class=\"et_pb_text_3 et_pb_text et_pb_bg_layout_light et_pb_module et_block_module\"><div class=\"et_pb_text_inner\"><p>Un mod\u00e8le scientifique permettant d\u2019\u00e9valuer les pratiques organisationnelles favorisant durablement la sant\u00e9 au travail et la QVCT.<\/p>\n<\/div><\/div>\n<\/div>\n\n<div class=\"et_pb_column_4 et_pb_column et_pb_column_1_3 et-last-child et_block_column et_pb_css_mix_blend_mode_passthrough\">\n<div class=\"et_pb_image_3 et_pb_image et_pb_module et_block_module\"><span class=\"et_pb_image_wrap\"><img loading=\"lazy\" decoding=\"async\" src=\"http:\/\/qvcti.fr\/wp-content\/uploads\/2025\/01\/rocket-hand-1.png\" width=\"256\" height=\"256\" class=\"wp-image-72\" title=\"rocket-hand (1)\" \/><\/span><\/div>\n\n<div class=\"et_pb_heading_2 et_pb_heading et_pb_module et_block_module\"><div class=\"et_pb_heading_container\"><h1 class=\"et_pb_module_header\">Des pratiques d&#8217;intervention renouvel\u00e9es<\/h1><\/div><\/div>\n\n<div class=\"et_pb_text_4 et_pb_text et_pb_bg_layout_light et_pb_module et_block_module\"><div class=\"et_pb_text_inner\"><p>Un accompagnement centr\u00e9 sur la durabilit\u00e9 et l&#8217;autonomie des organisations, pour faire de la QVCT un pilier strat\u00e9gique.<\/p>\n<\/div><\/div>\n<\/div>\n<\/div>\n<div class=\"et_pb_bottom_inside_divider et-no-transition\"><\/div><\/div>\n\n<div class=\"et_pb_section_1 et_pb_section et_section_regular et_block_section\">\n<div class=\"et_pb_row_2 et_pb_row et_pb_gutters3 et_block_row\">\n<div class=\"et_pb_column_5 et_pb_column et_pb_column_4_4 et-last-child et_block_column et_pb_css_mix_blend_mode_passthrough\">\n<div class=\"et_pb_text_5 et_pb_text et_pb_bg_layout_light et_pb_module et_block_module\"><div class=\"et_pb_text_inner\"><h2 style=\"text-align: center;\">POURQUOI QVCT<span style=\"color: #189eb0;\"><strong><em><span style=\"font-family: Lora;\">i<\/span><\/em><\/strong><\/span><span>\u00ae ?<\/span><\/h2>\n<\/div><\/div>\n\n<div class=\"et_pb_text_6 et_pb_text et_pb_bg_layout_light et_pb_module et_block_module\"><div class=\"et_pb_text_inner\"><p style=\"text-align: justify;\">La plupart des organisations ont engag\u00e9 des d\u00e9marches QVCT, mais peinent \u00e0 en faire un levier de transformation durable. Trop souvent, les initiatives manquent de cadre structur\u00e9, de suivi ou d\u2019ancrage scientifique. QVCTi\u00ae change la donne : une approche int\u00e9gr\u00e9e, fond\u00e9e sur des preuves, qui fait de la QVCT un syst\u00e8me dynamique, mesurable et durable au c\u0153ur de la strat\u00e9gie d\u2019entreprise.<\/p>\n<\/div><\/div>\n\n<div class=\"et_pb_text_7 et_pb_text et_pb_bg_layout_light et_pb_module et_block_module\"><div class=\"et_pb_text_inner\"><h3 style=\"text-align: center;\">5 \u00e9cueils \u00e0 \u00e9viter pour une QVCT durable : la r\u00e9ponse QVCTi\u00ae<\/h3>\n<\/div><\/div>\n\n<div class=\"dipi_content_slider_0 dipi_content_slider et_pb_bg_layout_light et_pb_module\"><div class=\"dipi-content-slider  slider_with_pin slider_with_line slider_with_label label-top\" data-config=\"{&quot;selectors&quot;:&quot;.EC1;.EC2;.EC3;.EC4;.EC5&quot;,&quot;child_count&quot;:5,&quot;active_id&quot;:-1,&quot;active_order_num&quot;:-1,&quot;show_only_active&quot;:&quot;on&quot;,&quot;content_animation&quot;:&quot;none&quot;,&quot;move_slider_with_pin&quot;:&quot;on&quot;,&quot;move_slider_with_progress_line&quot;:&quot;on_click&quot;,&quot;move_slider_with_label&quot;:&quot;on_click&quot;}\" data-active-id=\"-1\" data-active-order-num=\"-1\">\n                <div class=\"dipi-progress-line\">\n                    <div class=\"dipi-progress-line-active\"><\/div>\n                    <div class=\"dipi-progress-line-event-placeholder\"><\/div>\n                    <span class=\"dipi-slider-pin\"><\/span>\n                <\/div>\n                <div class=\"dipi-navigation\">\n                <div class=\"dipi-nav-button dipi-prev-button  \" data-icon=\"8\"><\/div>\n                <div class=\"dipi-nav-button dipi-next-button  \" data-icon=\"9\"><\/div>\n            <\/div>\n                \n                <div class=\"dipi-content-slider-items\"><div class=\"dipi_content_slider_child_0 dipi_content_slider_child et_pb_bg_layout_light et_pb_module\"><div class=\"content-slider-item \" data-id=\"0\" data-order-num=\"0\" data-activate-selector=\"\" \n                data-tab-scroll-off=\"100px\"\n                data-tab-scroll-off-tablet=\"100px\"\n                data-tab-scroll-off-phone=\"100px\"\n                >\n                <div class=\"content-slider-gradations-wrapper\">\n                    <span class=\"content-slider-gradations\"><\/span>\n                <\/div>\n                <span class='content-slider-label'>Int\u00e9gration<\/span>\n                \n            <\/div><\/div><div class=\"dipi_content_slider_child_1 dipi_content_slider_child et_pb_bg_layout_light et_pb_module\"><div class=\"content-slider-item \" data-id=\"1\" data-order-num=\"1\" data-activate-selector=\"\" \n                data-tab-scroll-off=\"100px\"\n                data-tab-scroll-off-tablet=\"100px\"\n                data-tab-scroll-off-phone=\"100px\"\n                >\n                <div class=\"content-slider-gradations-wrapper\">\n                    <span class=\"content-slider-gradations\"><\/span>\n                <\/div>\n                <span class='content-slider-label'>Orientation<\/span>\n                \n            <\/div><\/div><div class=\"dipi_content_slider_child_2 dipi_content_slider_child et_pb_bg_layout_light et_pb_module\"><div class=\"content-slider-item \" data-id=\"2\" data-order-num=\"2\" data-activate-selector=\"\" \n                data-tab-scroll-off=\"100px\"\n                data-tab-scroll-off-tablet=\"100px\"\n                data-tab-scroll-off-phone=\"100px\"\n                >\n                <div class=\"content-slider-gradations-wrapper\">\n                    <span class=\"content-slider-gradations\"><\/span>\n                <\/div>\n                <span class='content-slider-label'>Internalisation<\/span>\n                \n            <\/div><\/div><div class=\"dipi_content_slider_child_3 dipi_content_slider_child et_pb_bg_layout_light et_pb_module\"><div class=\"content-slider-item \" data-id=\"3\" data-order-num=\"3\" data-activate-selector=\"\" \n                data-tab-scroll-off=\"100px\"\n                data-tab-scroll-off-tablet=\"100px\"\n                data-tab-scroll-off-phone=\"100px\"\n                >\n                <div class=\"content-slider-gradations-wrapper\">\n                    <span class=\"content-slider-gradations\"><\/span>\n                <\/div>\n                <span class='content-slider-label'>Participation<\/span>\n                \n            <\/div><\/div><div class=\"dipi_content_slider_child_4 dipi_content_slider_child et_pb_bg_layout_light et_pb_module\"><div class=\"content-slider-item \" data-id=\"4\" data-order-num=\"4\" data-activate-selector=\"\" \n                data-tab-scroll-off=\"100px\"\n                data-tab-scroll-off-tablet=\"100px\"\n                data-tab-scroll-off-phone=\"100px\"\n                >\n                <div class=\"content-slider-gradations-wrapper\">\n                    <span class=\"content-slider-gradations\"><\/span>\n                <\/div>\n                <span class='content-slider-label'>Preuves<\/span>\n                \n            <\/div><\/div><\/div>\n            <\/div><\/div>\n<\/div>\n<\/div>\n<\/div>\n\n<div class=\"et_pb_section_2 et_pb_section et_section_regular et_block_section EC1\">\n<div class=\"et_pb_row_3 et_pb_row et_pb_equal_columns et_pb_gutters2 et_block_row\">\n<div class=\"et_pb_column_6 et_pb_column et_pb_column_1_2 et_block_column et_pb_css_mix_blend_mode_passthrough\">\n<div class=\"et_pb_text_8 et_pb_text et_pb_bg_layout_light et_pb_module et_block_module\"><div class=\"et_pb_text_inner\"><h3>\u274cEcueils constat\u00e9s :<\/h3>\n<div>\n<p>Dans de nombreuses organisations, les d\u00e9marches QVCT demeurent p\u00e9riph\u00e9riques \u00e0 la strat\u00e9gie globale. Elles sont souvent con\u00e7ues comme des interventions ponctuelles et mises en \u0153uvre de mani\u00e8re d\u00e9connect\u00e9e des orientations structurelles. Cette absence d\u2019int\u00e9gration fragilise leur continuit\u00e9 et r\u00e9duit leur port\u00e9e.<\/p>\n<\/div>\n<\/div><\/div>\n<\/div>\n\n<div class=\"et_pb_column_7 et_pb_column et_pb_column_1_2 et-last-child et_block_column et_pb_css_mix_blend_mode_passthrough\">\n<div class=\"et_pb_text_9 et_pb_text et_pb_bg_layout_light et_pb_module et_block_module\"><div class=\"et_pb_text_inner\"><h3>\ud83d\udca1Innovation QVCTi\u00ae :<\/h3>\n<p data-start=\"99\" data-end=\"419\">QVCTi\u00ae s\u2019\u00e9tablit comme un syst\u00e8me de management durable, pleinement int\u00e9gr\u00e9 aux objectifs strat\u00e9giques de l\u2019organisation. Cette approche d\u00e9passe la simple initiative ponctuelle pour s\u2019inscrire dans un processus d\u2019am\u00e9lioration continue, assurant ainsi une adoption profonde et un impact p\u00e9renne.<\/p>\n<\/div><\/div>\n<\/div>\n<\/div>\n<\/div>\n\n<div class=\"et_pb_section_3 et_pb_section et_section_regular et_block_section EC2\">\n<div class=\"et_pb_row_4 et_pb_row et_pb_equal_columns et_pb_gutters2 et_block_row\">\n<div class=\"et_pb_column_8 et_pb_column et_pb_column_1_2 et_block_column et_pb_css_mix_blend_mode_passthrough\">\n<div class=\"et_pb_text_10 et_pb_text et_pb_bg_layout_light et_pb_module et_block_module\"><div class=\"et_pb_text_inner\"><h3>\u274cEcueils constat\u00e9s :<\/h3>\n<div>\n<p>Les d\u00e9marches traditionnelles privil\u00e9gient souvent le recueil ponctuel des perceptions des salari\u00e9s, sans encourager, une r\u00e9flexion approfondie sur les solutions possibles. Cette approche place fr\u00e9quemment les collaborateurs dans une posture passive, limit\u00e9e \u00e0 l\u2019expression des probl\u00e8mes, ce qui freine l\u2019engagement actif et la mise en \u0153uvre concr\u00e8te des am\u00e9liorations.<\/p>\n<\/div>\n<\/div><\/div>\n<\/div>\n\n<div class=\"et_pb_column_9 et_pb_column et_pb_column_1_2 et-last-child et_block_column et_pb_css_mix_blend_mode_passthrough\">\n<div class=\"et_pb_text_11 et_pb_text et_pb_bg_layout_light et_pb_module et_block_module\"><div class=\"et_pb_text_inner\"><h3>\ud83d\udca1Innovation QVCTi\u00ae :<\/h3>\n<p data-start=\"99\" data-end=\"419\">La grille de lecture QVCTi\u00ae s&#8217;appuie sur l&#8217;inventaire des pratiques organisationnelles vertueuses (IPOV). Cette conceptualisation novatrice des pratiques favorables \u00e0 la sant\u00e9 psychologique au travail, et l&#8217;outil de mesure qui en d\u00e9coule, sont issus d&#8217;un travail de recherche acad\u00e9mique et ont donn\u00e9 lieu \u00e0 plusieurs publications et communications. En questionnant l&#8217;\u00e9tat des pratiques organisationnelles vertueuses, QVCTi\u00ae met l&#8217;ensemble des acteurs dans une posture active, constructive et orient\u00e9e vers l&#8217;action.<\/p>\n<\/div><\/div>\n<\/div>\n<\/div>\n<\/div>\n\n<div class=\"et_pb_section_4 et_pb_section et_section_regular et_block_section EC3\">\n<div class=\"et_pb_row_5 et_pb_row et_pb_equal_columns et_pb_gutters2 et_block_row\">\n<div class=\"et_pb_column_10 et_pb_column et_pb_column_1_2 et_block_column et_pb_css_mix_blend_mode_passthrough\">\n<div class=\"et_pb_text_12 et_pb_text et_pb_bg_layout_light et_pb_module et_block_module\"><div class=\"et_pb_text_inner\"><h3>\u274cEcueils constat\u00e9s :<\/h3>\n<div>\n<p data-start=\"925\" data-end=\"1217\">Les approches classiques reposent majoritairement sur des intervenants externes ou des comp\u00e9tences sp\u00e9cifiques, limitant l\u2019appropriation interne. Ce manque d\u2019internalisation freine l\u2019autonomie, la mont\u00e9e en comp\u00e9tences des \u00e9quipes, et la capacit\u00e9 de l\u2019organisation \u00e0 p\u00e9renniser ses actions.<\/p>\n<\/div>\n<\/div><\/div>\n<\/div>\n\n<div class=\"et_pb_column_11 et_pb_column et_pb_column_1_2 et-last-child et_block_column et_pb_css_mix_blend_mode_passthrough\">\n<div class=\"et_pb_text_13 et_pb_text et_pb_bg_layout_light et_pb_module et_block_module\"><div class=\"et_pb_text_inner\"><h3>\ud83d\udca1Innovation QVCTi\u00ae :<\/h3>\n<p data-start=\"99\" data-end=\"419\">QVCTi\u00ae s\u2019appuie sur un r\u00e9seau interne structur\u00e9 : pilotes, m\u00e9thodologues, contributeurs et animateurs. Ainsi, la qualit\u00e9 de vie au travail devient une comp\u00e9tence collective, int\u00e9gr\u00e9e \u00e0 tous les niveaux, renfor\u00e7ant la r\u00e9silience et l\u2019autonomie organisationnelle dans la gestion durable de la QVCT.<\/p>\n<\/div><\/div>\n<\/div>\n<\/div>\n<\/div>\n\n<div class=\"et_pb_section_5 et_pb_section et_section_regular et_block_section EC4\">\n<div class=\"et_pb_row_6 et_pb_row et_pb_equal_columns et_pb_gutters2 et_block_row\">\n<div class=\"et_pb_column_12 et_pb_column et_pb_column_1_2 et_block_column et_pb_css_mix_blend_mode_passthrough\">\n<div class=\"et_pb_text_14 et_pb_text et_pb_bg_layout_light et_pb_module et_block_module\"><div class=\"et_pb_text_inner\"><h3>\u274cEcueils constat\u00e9s :<\/h3>\n<div>\n<p>Les d\u00e9marches traditionnelles sont souvent descendantes, o\u00f9 une instance centrale \u00e9value, d\u00e9cide et impose les mesures. Cette approche limite la prise en compte des r\u00e9alit\u00e9s du terrain et la mobilisation des acteurs concern\u00e9s.<\/p>\n<\/div>\n<\/div><\/div>\n<\/div>\n\n<div class=\"et_pb_column_13 et_pb_column et_pb_column_1_2 et-last-child et_block_column et_pb_css_mix_blend_mode_passthrough\">\n<div class=\"et_pb_text_15 et_pb_text et_pb_bg_layout_light et_pb_module et_block_module\"><div class=\"et_pb_text_inner\"><h3>\ud83d\udca1Innovation QVCTi\u00ae :<\/h3>\n<p data-start=\"99\" data-end=\"419\">QVCTi\u00ae combine une dynamique descendante et ascendante, en valorisant la participation collective et l\u2019engagement des \u00e9quipes sur le terrain. Ce sont les acteurs eux-m\u00eames qui identifient les leviers d\u2019am\u00e9lioration, avant que les d\u00e9cisions ne soient consolid\u00e9es au niveau strat\u00e9gique.<\/p>\n<\/div><\/div>\n<\/div>\n<\/div>\n<\/div>\n\n<div class=\"et_pb_section_6 et_pb_section et_section_regular et_block_section EC5\">\n<div class=\"et_pb_row_7 et_pb_row et_pb_equal_columns et_pb_gutters2 et_block_row\">\n<div class=\"et_pb_column_14 et_pb_column et_pb_column_1_2 et_block_column et_pb_css_mix_blend_mode_passthrough\">\n<div class=\"et_pb_text_16 et_pb_text et_pb_bg_layout_light et_pb_module et_block_module\"><div class=\"et_pb_text_inner\"><h3>\u274cEcueils constat\u00e9s :<\/h3>\n<div>\n<p>Bien que s\u2019appuyant sur des mod\u00e8les \u00e9valuatifs, les approches classiques partent souvent de partis-pris empiriques pour d\u00e9finir les actions. Cette absence de fondement scientifique limite la pr\u00e9cision et l\u2019efficacit\u00e9 des interventions.<\/p>\n<\/div>\n<\/div><\/div>\n<\/div>\n\n<div class=\"et_pb_column_15 et_pb_column et_pb_column_1_2 et-last-child et_block_column et_pb_css_mix_blend_mode_passthrough\">\n<div class=\"et_pb_text_17 et_pb_text et_pb_bg_layout_light et_pb_module et_block_module\"><div class=\"et_pb_text_inner\"><h3>\ud83d\udca1Innovation QVCTi\u00ae :<\/h3>\n<p data-start=\"99\" data-end=\"419\">QVCTi\u00ae est la premi\u00e8re approche fond\u00e9e sur un mod\u00e8le scientifique des pratiques organisationnelles vertueuses, associ\u00e9e \u00e0 une mesure continue de leur impact gr\u00e2ce aux avanc\u00e9es de l\u2019intelligence artificielle. Cela garantit des actions cibl\u00e9es et des r\u00e9sultats mesurables en temps r\u00e9el.<\/p>\n<\/div><\/div>\n<\/div>\n<\/div>\n<\/div>\n\n<div class=\"et_pb_section_7 et_pb_section et_section_regular et_block_section\" data-interaction-trigger=\"8fpak86vdv\">\n<div class=\"et_pb_row_8 et_pb_row et_pb_gutters3 et_block_row\">\n<div class=\"et_pb_column_16 et_pb_column et_pb_column_4_4 et-last-child et_block_column et_pb_css_mix_blend_mode_passthrough\">\n<div class=\"et_pb_text_18 et_pb_text et_pb_bg_layout_light et_pb_module et_block_module\"><div class=\"et_pb_text_inner\"><h2 style=\"text-align: center;\">Les initateurs du projet<\/h2>\n<\/div><\/div>\n<\/div>\n<\/div>\n\n<div class=\"et_pb_row_9 et_pb_row et_flex_row\">\n<div class=\"et_pb_column_17 et_pb_column et-last-child et_flex_column et_pb_css_mix_blend_mode_passthrough et_flex_column_24_24\">\n<div class=\"et_pb_row_10 et_pb_row et_pb_row_nested et_flex_row\">\n<div class=\"et_pb_column_18 et_pb_column et_flex_column et_pb_css_mix_blend_mode_passthrough et_flex_column_12_24 et_flex_column_24_24_phone\">\n<div class=\"et_pb_group_0 et_pb_group et-last-child et_pb_module et_flex_group et_pb_css_mix_blend_mode_passthrough\">\n<div class=\"et_pb_image_4 et_pb_image et_pb_module et_block_module\"><span class=\"et_pb_image_wrap\"><img loading=\"lazy\" decoding=\"async\" src=\"http:\/\/qvcti.fr\/wp-content\/uploads\/2025\/08\/adc.png\" width=\"1650\" height=\"357\" class=\"wp-image-411\" \/><\/span><\/div>\n\n<div class=\"et_pb_toggle_0 et_pb_toggle et_pb_toggle_item et_pb_toggle_close et_pb_module et_block_module\"><h5 class=\"et_pb_toggle_title\">Expert des conditions de travail et des \u00e9galit\u00e9s et entreprise sociale et solidaire<\/h5><div class=\"et_pb_toggle_content clearfix\"><p data-start=\"135\" data-end=\"565\">Depuis 2007, <a href=\"https:\/\/adconseil.org\/\" target=\"_blank\" rel=\"noopener\">AD CONSEIL<\/a> s\u2019appuie sur une expertise reconnue et une exp\u00e9rience approfondie dans l\u2019am\u00e9lioration des conditions de travail au sein des organisations de l\u2019\u00e9conomie sociale et solidaire. Forte d\u2019un ancrage scientifique rigoureux et d\u2019une collaboration \u00e9troite avec la recherche acad\u00e9mique, la structure int\u00e8gre les meilleures pratiques issues de la science ouverte pour concevoir des solutions innovantes et durables.<\/p>\n<p data-start=\"567\" data-end=\"840\">C\u2019est cet engagement dans la rigueur m\u00e9thodologique et l\u2019innovation fond\u00e9e sur des preuves qui a conduit AD CONSEIL \u00e0 initier le projet QVCTi\u00ae, avec pour ambition d\u2019apporter une r\u00e9ponse structur\u00e9e, efficace et p\u00e9renne aux enjeux complexes de la qualit\u00e9 de vie au travail.<\/p>\n<\/div><\/div>\n<\/div>\n<\/div>\n\n<div class=\"et_pb_column_19 et_pb_column et-last-child et_flex_column et_pb_css_mix_blend_mode_passthrough et_flex_column_12_24 et_flex_column_24_24_phone\">\n<div class=\"et_pb_group_1 et_pb_group et-last-child et_pb_module et_flex_group et_pb_css_mix_blend_mode_passthrough\">\n<div class=\"et_pb_image_5 et_pb_image et_pb_module et_block_module\"><span class=\"et_pb_image_wrap\"><img loading=\"lazy\" decoding=\"async\" src=\"http:\/\/qvcti.fr\/wp-content\/uploads\/2025\/08\/qualipsy.png\" width=\"1650\" height=\"358\" class=\"wp-image-412\" \/><\/span><\/div>\n\n<div class=\"et_pb_toggle_1 et_pb_toggle et_pb_toggle_item et_pb_toggle_close et_pb_module et_block_module\"><h5 class=\"et_pb_toggle_title\">Equipe de recherche Qualipsy &#8211; Universit\u00e9 de Tours<\/h5><div class=\"et_pb_toggle_content clearfix\"><p data-start=\"87\" data-end=\"551\"><span>L\u2019\u00e9quipe de recherche 1901 \u00ab Qualit\u00e9 de Vie et sant\u00e9 Psychologique \u00bb (<a href=\"https:\/\/www.linkedin.com\/in\/equipe-de-recherche-qualipsy-79a88b231\/\" target=\"_blank\" rel=\"noopener\">QualiPsy<\/a>) est h\u00e9berg\u00e9e dans le d\u00e9partement de Psychologie de <a href=\"https:\/\/ash.univ-tours.fr\/\" target=\"_blank\" rel=\"noopener\">l\u2019UFR Arts et Sciences humaines de l\u2019Universit\u00e9 de Tours<\/a> et r\u00e9unit des enseignants-chercheurs issus de la psychologie du travail, de la psychologie clinique et pathologique et du champ de la sant\u00e9. Elle \u00e9tudie les processus impliqu\u00e9s dans la d\u00e9gradation, la pr\u00e9servation et l&#8217;am\u00e9lioration de la qualit\u00e9 de vie et de la sant\u00e9 psychologique des personnes dans diff\u00e9rents contextes (travail, violences, addictions, maladies chroniques&#8230;). Les recherches de QualiPsy ont une finalit\u00e9 applicative, afin d&#8217;innover ou d&#8217;am\u00e9liorer les dispositifs actuels d&#8217;intervention sur la sant\u00e9 des personnes. La sant\u00e9 psychologique ne peut se r\u00e9sumer \u00e0 la seule absence de pathologie mais renvoie \u00e9galement \u00e0 un \u00e9tat de bien-\u00eatre physique, mental et social.<\/span><\/p>\n<\/div><\/div>\n<\/div>\n<\/div>\n<\/div>\n<\/div>\n<\/div>\n\n<div class=\"et_pb_row_11 et_pb_row et_flex_row\">\n<div class=\"et_pb_column_20 et_pb_column et-last-child et_flex_column et_pb_css_mix_blend_mode_passthrough et_flex_column_24_24\">\n<div class=\"et_pb_text_19 et_pb_text et_pb_bg_layout_light et_pb_module et_block_module\"><div class=\"et_pb_text_inner\"><h2 style=\"text-align: center;\">Cadre institutionnel<\/h2>\n<\/div><\/div>\n<\/div>\n<\/div>\n\n<div class=\"et_pb_row_12 et_pb_row et_pb_gutters3 et_block_row\">\n<div class=\"et_pb_column_21 et_pb_column et_pb_column_4_4 et-last-child et_block_column et_pb_css_mix_blend_mode_passthrough\">\n<div class=\"et_pb_text_20 et_pb_text et_pb_bg_layout_light et_pb_module et_block_module\"><div class=\"et_pb_text_inner\"><p data-start=\"81\" data-end=\"353\" style=\"text-align: justify;\">QVCTi\u00ae est une innovation d\u00e9velopp\u00e9e dans le cadre du <a href=\"https:\/\/anr.fr\/fr\/detail\/call\/labcom-2025-laboratoires-communs-organismes-de-recherche-publics-pme-eti-et-start-up\/\" target=\"_blank\" rel=\"noopener\">dispositif Laboratoire Commun (LabCom)<\/a>, soutenu par l\u2019Agence Nationale de la Recherche (ANR). Ce programme favorise la collaboration durable entre recherche acad\u00e9mique et entreprises, via des partenariats structur\u00e9s.<\/p>\n<p data-start=\"355\" data-end=\"714\" style=\"text-align: justify;\">Un Laboratoire Commun repose sur un contrat d\u00e9finissant une gouvernance partag\u00e9e, une feuille de route commune en recherche et innovation. Ce partenariat bilat\u00e9ral entre PME ou ETI et laboratoire public promeut la valorisation des r\u00e9sultats et la p\u00e9rennit\u00e9 de la collaboration au-del\u00e0 du financement initial.<\/p>\n<\/div><\/div>\n\n<div class=\"et_pb_row_13 et_pb_row et_pb_gutters3 et_pb_row_nested et_block_row\">\n<div class=\"et_pb_column_22 et_pb_column et_pb_column_1_3 et_block_column et_pb_column_empty et_pb_css_mix_blend_mode_passthrough\"><\/div>\n\n<div class=\"et_pb_column_23 et_pb_column et_pb_column_1_3 et_block_column et_pb_css_mix_blend_mode_passthrough\">\n<div class=\"et_pb_image_6 et_pb_image et_pb_module et_block_module\"><span class=\"et_pb_image_wrap\"><img loading=\"lazy\" decoding=\"async\" src=\"http:\/\/qvcti.fr\/wp-content\/uploads\/2025\/08\/Nouveau_logo_ANR_2022-scaled.jpg\" width=\"2560\" height=\"1016\" class=\"wp-image-413\" \/><\/span><\/div>\n\n<div class=\"et_pb_module et_pb_button_module_wrapper et_pb_button_0_wrapper\"><a class=\"et_pb_button_0 et_pb_button et_pb_bg_layout_light et_pb_module et_block_module\" href=\"https:\/\/qvcti.fr\/index.php\/le-projet-scientifique\/\" data-icon=\"\uf101\">Le projet scientifique<\/a><\/div>\n<\/div>\n\n<div class=\"et_pb_column_24 et_pb_column et_pb_column_1_3 et-last-child et_block_column et_pb_column_empty et_pb_css_mix_blend_mode_passthrough\"><\/div>\n<\/div>\n<\/div>\n<\/div>\n<\/div>\n\n<div class=\"et_pb_section_8 et_pb_section et_section_regular et_block_section\">\n<div class=\"et_pb_row_14 et_pb_row et_pb_gutters3 et_block_row\">\n<div class=\"et_pb_column_25 et_pb_column et_pb_column_4_4 et-last-child et_block_column et_pb_css_mix_blend_mode_passthrough\">\n<div class=\"et_pb_text_21 et_pb_text et_pb_bg_layout_light et_pb_module et_block_module\"><div class=\"et_pb_text_inner\"><h2 style=\"text-align: center;\">Ils ont int\u00e9gr\u00e9 QVCT<span style=\"color: #189eb0;\"><strong><em><span style=\"font-family: Lora;\">i<\/span><\/em><\/strong><\/span><span>\u00ae \u00e0 leurs organisations<\/span><\/h2>\n<\/div><\/div>\n\n<div class=\"et_pb_text_22 et_pb_text et_pb_bg_layout_light et_pb_module et_block_module\"><div class=\"et_pb_text_inner\"><p style=\"text-align: center;\">Rejoignez les organisations engag\u00e9es qui font d\u00e9j\u00e0 le choix d\u2019innover durablement avec QVCTi\u00ae !<\/p>\n<\/div><\/div>\n<\/div>\n<\/div>\n\n<div class=\"et_pb_row_15 et_pb_row et_flex_row\">\n<div class=\"et_pb_column_26 et_pb_column et_flex_column et_pb_css_mix_blend_mode_passthrough et_flex_column_1_5 et_flex_column_12_24_tablet et_flex_column_24_24_phone\">\n<div class=\"et_pb_image_7 et_pb_image et_pb_module et_block_module\"><span class=\"et_pb_image_wrap\"><img loading=\"lazy\" decoding=\"async\" src=\"http:\/\/qvcti.fr\/wp-content\/uploads\/2025\/08\/crf.png\" width=\"715\" height=\"495\" class=\"wp-image-490\" \/><\/span><\/div>\n<\/div>\n\n<div class=\"et_pb_column_27 et_pb_column et_flex_column et_pb_css_mix_blend_mode_passthrough et_flex_column_1_5 et_flex_column_12_24_tablet et_flex_column_24_24_phone\">\n<div class=\"et_pb_image_8 et_pb_image et_pb_module et_block_module\"><span class=\"et_pb_image_wrap\"><img loading=\"lazy\" decoding=\"async\" src=\"http:\/\/qvcti.fr\/wp-content\/uploads\/2025\/08\/ush.png\" width=\"715\" height=\"495\" class=\"wp-image-491\" \/><\/span><\/div>\n<\/div>\n\n<div class=\"et_pb_column_28 et_pb_column et_flex_column et_pb_css_mix_blend_mode_passthrough et_flex_column_1_5 et_flex_column_12_24_tablet et_flex_column_24_24_phone\">\n<div class=\"et_pb_image_9 et_pb_image et_pb_module et_block_module\"><span class=\"et_pb_image_wrap\"><img loading=\"lazy\" decoding=\"async\" src=\"http:\/\/qvcti.fr\/wp-content\/uploads\/2025\/08\/arseaa.png\" width=\"715\" height=\"495\" class=\"wp-image-492\" \/><\/span><\/div>\n<\/div>\n\n<div class=\"et_pb_column_29 et_pb_column et_flex_column et_pb_css_mix_blend_mode_passthrough et_flex_column_1_5 et_flex_column_12_24_tablet et_flex_column_24_24_phone\">\n<div class=\"et_pb_image_10 et_pb_image et_pb_module et_block_module\"><span class=\"et_pb_image_wrap\"><img loading=\"lazy\" decoding=\"async\" src=\"http:\/\/qvcti.fr\/wp-content\/uploads\/2025\/08\/opco.png\" width=\"715\" height=\"495\" class=\"wp-image-495\" \/><\/span><\/div>\n<\/div>\n\n<div class=\"et_pb_column_30 et_pb_column et-last-child et_flex_column et_pb_css_mix_blend_mode_passthrough et_flex_column_1_5 et_flex_column_12_24_tablet et_flex_column_24_24_phone\">\n<div class=\"et_pb_image_11 et_pb_image et_pb_module et_block_module\"><span class=\"et_pb_image_wrap\"><img loading=\"lazy\" decoding=\"async\" src=\"http:\/\/qvcti.fr\/wp-content\/uploads\/2025\/08\/univevry.png\" width=\"715\" height=\"495\" class=\"wp-image-494\" \/><\/span><\/div>\n<\/div>\n<\/div>\n\n<div class=\"et_pb_row_16 et_pb_row et_flex_row\">\n<div class=\"et_pb_column_31 et_pb_column et-last-child et_flex_column et_pb_css_mix_blend_mode_passthrough et_flex_column_24_24\">\n<div class=\"et_pb_text_23 et_pb_text et_pb_bg_layout_light et_pb_module et_block_module\"><div class=\"et_pb_text_inner\"><p style=\"text-align: justify;\">Rejoindre QVCTi\u00ae, c\u2019est int\u00e9grer une v\u00e9ritable communaut\u00e9 d\u2019organisations engag\u00e9es, partageant exp\u00e9riences et bonnes pratiques pour faire progresser ensemble la qualit\u00e9 de vie au travail. Ce r\u00e9seau dynamique s\u2019appuie sur un accompagnement scientifique continu, avec des formations anim\u00e9es par des experts, un acc\u00e8s privil\u00e9gi\u00e9 \u00e0 des benchmarkings exclusifs, et une actualisation r\u00e9guli\u00e8re des donn\u00e9es fond\u00e9es sur les derni\u00e8res avanc\u00e9es de la recherche. Avec QVCTi\u00ae, vous b\u00e9n\u00e9ficiez d\u2019un \u00e9cosyst\u00e8me complet et innovant pour impulser une transformation durable au c\u0153ur de votre organisation.<\/p>\n<\/div><\/div>\n<\/div>\n<\/div>\n<\/div>\n\n<div class=\"et_pb_section_9 et_pb_section et_section_regular et_flex_section\">\n<div class=\"et_pb_row_17 et_pb_row et_flex_row\">\n<div class=\"et_pb_column_32 et_pb_column et-last-child et_flex_column et_pb_css_mix_blend_mode_passthrough et_flex_column_24_24\">\n<div class=\"et_pb_text_24 et_pb_text et_pb_bg_layout_light et_pb_module et_block_module\"><div class=\"et_pb_text_inner\"><h2 style=\"text-align: center;\">L&#8217;\u00e9cosyt\u00e8me QVCT<strong><em><span style=\"font-family: Lora; color: #189eb0;\">i<\/span><\/em><\/strong>\u00ae<\/h2>\n<\/div><\/div>\n<\/div>\n<\/div>\n\n<div class=\"et_pb_row_18 et_pb_row et_flex_row\">\n<div class=\"et_pb_column_33 et_pb_column et_flex_column et_pb_css_mix_blend_mode_passthrough et_flex_column_12_24 et_flex_column_24_24_phone\">\n<div class=\"et_pb_blurb_0 et_pb_blurb et_pb_bg_layout_light et_pb_text_align_left et_pb_blurb_position_left et_animated et_pb_module et_block_module\"><div class=\"et_pb_blurb_content\"><div class=\"et_pb_main_blurb_image\"><span class=\"et_pb_image_wrap et_pb_only_image_mode_wrap\"><img loading=\"lazy\" decoding=\"async\" src=\"http:\/\/qvcti.fr\/wp-content\/uploads\/2025\/08\/numero-un-4.png\" width=\"128\" height=\"128\" class=\"et-waypoint et_pb_animation_top et_pb_animation_top_tablet et_pb_animation_top_phone wp-image-791\" \/><\/span><\/div><div class=\"et_pb_blurb_container\"><h4 class=\"et_pb_module_header\">Un syst\u00e8me de management int\u00e9gr\u00e9<\/h4><div class=\"et_pb_blurb_description\"><p>QVCTi\u00ae repose sur un sch\u00e9ma de pilotage clair et adapt\u00e9 \u00e0 votre organisation. Il d\u00e9finit pr\u00e9cis\u00e9ment les r\u00f4les et responsabilit\u00e9s \u00e0 tous les niveaux, du strat\u00e9gique \u00e0 l\u2019op\u00e9rationnel, fixe la p\u00e9riodicit\u00e9 des \u00e9valuations, et clarifie les marges d\u2019action de chaque acteur. Ce cadre structurant garantit une gouvernance efficace et une d\u00e9marche coh\u00e9rente dans le temps.<\/p>\n<\/div><\/div><\/div><\/div>\n<\/div>\n\n<div class=\"et_pb_column_34 et_pb_column et-last-child et_flex_column et_pb_css_mix_blend_mode_passthrough et_flex_column_12_24 et_flex_column_24_24_phone\">\n<div class=\"et_pb_image_12 et_pb_image et_animated et_pb_module et_block_module\"><span class=\"et_pb_image_wrap\"><img decoding=\"async\" src=\"http:\/\/qvcti.fr\/wp-content\/uploads\/2025\/08\/Modular-Coding-Application-Streamline-Bangalore-2.svg\" class=\"wp-image-797\" \/><\/span><\/div>\n<\/div>\n<\/div>\n\n<div class=\"et_pb_row_19 et_pb_row et_flex_row\">\n<div class=\"et_pb_column_35 et_pb_column et_flex_column et_pb_css_mix_blend_mode_passthrough et_flex_column_12_24 et_flex_column_24_24_phone\">\n<div class=\"et_pb_image_13 et_pb_image et_animated et_pb_module et_block_module\"><span class=\"et_pb_image_wrap\"><img decoding=\"async\" src=\"http:\/\/qvcti.fr\/wp-content\/uploads\/2025\/08\/Video-Conference-Streamline-Bangalore-1.svg\" class=\"wp-image-798\" \/><\/span><\/div>\n<\/div>\n\n<div class=\"et_pb_column_36 et_pb_column et-last-child et_flex_column et_pb_css_mix_blend_mode_passthrough et_flex_column_12_24 et_flex_column_24_24_phone\">\n<div class=\"et_pb_blurb_1 et_pb_blurb et_pb_bg_layout_light et_pb_text_align_left et_pb_blurb_position_left et_animated et_pb_module et_block_module\"><div class=\"et_pb_blurb_content\"><div class=\"et_pb_main_blurb_image\"><span class=\"et_pb_image_wrap et_pb_only_image_mode_wrap\"><img loading=\"lazy\" decoding=\"async\" src=\"http:\/\/qvcti.fr\/wp-content\/uploads\/2025\/08\/numero-2-2.png\" width=\"128\" height=\"128\" class=\"et-waypoint et_pb_animation_top et_pb_animation_top_tablet et_pb_animation_top_phone wp-image-792\" \/><\/span><\/div><div class=\"et_pb_blurb_container\"><h4 class=\"et_pb_module_header\">Un r\u00e9seau de comp\u00e9tences internes<\/h4><div class=\"et_pb_blurb_description\"><p>Pour faire de la qualit\u00e9 de vie, des conditions de travail et de la sant\u00e9 psychologique une expertise partag\u00e9e et durable, QVCTi\u00ae s\u2019appuie sur un r\u00e9seau interne de comp\u00e9tences : pilotes, m\u00e9thodologues, animateurs et contributeurs. Ces acteurs form\u00e9s et outill\u00e9s animent la d\u00e9marche au quotidien et renforcent la capacit\u00e9 collective \u00e0 agir efficacement.<\/p>\n<\/div><\/div><\/div><\/div>\n<\/div>\n<\/div>\n\n<div class=\"et_pb_row_20 et_pb_row et_flex_row\">\n<div class=\"et_pb_column_37 et_pb_column et_flex_column et_pb_css_mix_blend_mode_passthrough et_flex_column_12_24 et_flex_column_24_24_phone\">\n<div class=\"et_pb_blurb_2 et_pb_blurb et_pb_bg_layout_light et_pb_text_align_left et_pb_blurb_position_left et_animated et_pb_module et_block_module\"><div class=\"et_pb_blurb_content\"><div class=\"et_pb_main_blurb_image\"><span class=\"et_pb_image_wrap et_pb_only_image_mode_wrap\"><img loading=\"lazy\" decoding=\"async\" src=\"http:\/\/qvcti.fr\/wp-content\/uploads\/2025\/08\/numero-3-1.png\" width=\"128\" height=\"128\" class=\"et-waypoint et_pb_animation_top et_pb_animation_top_tablet et_pb_animation_top_phone wp-image-793\" \/><\/span><\/div><div class=\"et_pb_blurb_container\"><h4 class=\"et_pb_module_header\">Une suite d\u2019outils innovants <\/h4><div class=\"et_pb_blurb_description\"><p>La d\u00e9marche s\u2019appuie sur une riche bo\u00eete \u00e0 outils :<\/p>\n<ul>\n<li>un barom\u00e8tre QVCTi\u00ae pr\u00e9cis, des indicateurs fiables, et une identification d\u00e9taill\u00e9e des pratiques organisationnelles vertueuses qui favorisent \u00e0 la fois le bien-\u00eatre et la performance durable.<\/li>\n<li>L\u2019int\u00e9gration de l\u2019intelligence artificielle permet d\u2019analyser en temps r\u00e9el l\u2019impact des actions et d\u2019ajuster les strat\u00e9gies sur la base de donn\u00e9es objectives.<\/li>\n<\/ul>\n<\/div><\/div><\/div><\/div>\n<\/div>\n\n<div class=\"et_pb_column_38 et_pb_column et-last-child et_flex_column et_pb_css_mix_blend_mode_passthrough et_flex_column_12_24 et_flex_column_24_24_phone\">\n<div class=\"et_pb_image_14 et_pb_image et_animated et_pb_module et_block_module\"><span class=\"et_pb_image_wrap\"><img decoding=\"async\" src=\"http:\/\/qvcti.fr\/wp-content\/uploads\/2025\/08\/Listening-Feedback-Streamline-Bangalore-1.svg\" class=\"wp-image-669\" \/><\/span><\/div>\n<\/div>\n<\/div>\n\n<div class=\"et_pb_row_21 et_pb_row et_flex_row\">\n<div class=\"et_pb_column_39 et_pb_column et_flex_column et_pb_css_mix_blend_mode_passthrough et_flex_column_12_24 et_flex_column_24_24_phone\">\n<div class=\"et_pb_image_15 et_pb_image et_animated et_pb_module et_block_module\"><span class=\"et_pb_image_wrap\"><img decoding=\"async\" src=\"http:\/\/qvcti.fr\/wp-content\/uploads\/2025\/08\/About-Us-About-Our-Team-Streamline-Bangalore.svg\" class=\"wp-image-661\" \/><\/span><\/div>\n<\/div>\n\n<div class=\"et_pb_column_40 et_pb_column et-last-child et_flex_column et_pb_css_mix_blend_mode_passthrough et_flex_column_12_24 et_flex_column_24_24_phone\">\n<div class=\"et_pb_blurb_3 et_pb_blurb et_pb_bg_layout_light et_pb_text_align_left et_pb_blurb_position_left et_animated et_pb_module et_block_module\"><div class=\"et_pb_blurb_content\"><div class=\"et_pb_main_blurb_image\"><span class=\"et_pb_image_wrap et_pb_only_image_mode_wrap\"><img loading=\"lazy\" decoding=\"async\" src=\"http:\/\/qvcti.fr\/wp-content\/uploads\/2025\/08\/numero-quatre-1.png\" width=\"128\" height=\"128\" class=\"et-waypoint et_pb_animation_top et_pb_animation_top_tablet et_pb_animation_top_phone wp-image-794\" \/><\/span><\/div><div class=\"et_pb_blurb_container\"><h4 class=\"et_pb_module_header\">Une communaut\u00e9 d\u2019acteurs engag\u00e9s<\/h4><div class=\"et_pb_blurb_description\"><p>En rejoignant QVCTi\u00ae, votre organisation int\u00e9grera un collectif dynamique qui rassemble acteurs de la recherche et acteurs de terrain. Ce r\u00e9seau favorisera le partage continu des avanc\u00e9es les plus r\u00e9centes dans le domaine pour faire \u00e9voluer ensemble les bonnes pratiques<\/p>\n<\/div><\/div><\/div><\/div>\n<\/div>\n<\/div>\n\n<div class=\"et_pb_row_22 et_pb_row et_flex_row\">\n<div class=\"et_pb_column_41 et_pb_column et-last-child et_flex_column et_pb_css_mix_blend_mode_passthrough et_flex_column_24_24\">\n<div class=\"et_pb_module et_pb_button_module_wrapper et_pb_button_1_wrapper\"><a class=\"et_pb_button_1 et_pb_button et_pb_bg_layout_light et_pb_module et_block_module\" href=\"https:\/\/qvcti.fr\/index.php\/experimentez-qvcti\/\" data-icon=\"\uf101\">Exp\u00e9rimentez QVCTi\u00ae dans votre organisation<\/a><\/div>\n<\/div>\n<\/div>\n<\/div>","protected":false},"excerpt":{"rendered":"","protected":false},"author":2,"featured_media":0,"parent":0,"menu_order":0,"comment_status":"closed","ping_status":"closed","template":"","meta":{"footnotes":""},"dipi_cpt_category":[],"class_list":["post-278","page","type-page","status-publish","hentry"],"_links":{"self":[{"href":"https:\/\/qvcti.fr\/index.php\/wp-json\/wp\/v2\/pages\/278","targetHints":{"allow":["GET"]}}],"collection":[{"href":"https:\/\/qvcti.fr\/index.php\/wp-json\/wp\/v2\/pages"}],"about":[{"href":"https:\/\/qvcti.fr\/index.php\/wp-json\/wp\/v2\/types\/page"}],"author":[{"embeddable":true,"href":"https:\/\/qvcti.fr\/index.php\/wp-json\/wp\/v2\/users\/2"}],"replies":[{"embeddable":true,"href":"https:\/\/qvcti.fr\/index.php\/wp-json\/wp\/v2\/comments?post=278"}],"version-history":[{"count":91,"href":"https:\/\/qvcti.fr\/index.php\/wp-json\/wp\/v2\/pages\/278\/revisions"}],"predecessor-version":[{"id":1300,"href":"https:\/\/qvcti.fr\/index.php\/wp-json\/wp\/v2\/pages\/278\/revisions\/1300"}],"wp:attachment":[{"href":"https:\/\/qvcti.fr\/index.php\/wp-json\/wp\/v2\/media?parent=278"}],"wp:term":[{"taxonomy":"dipi_cpt_category","embeddable":true,"href":"https:\/\/qvcti.fr\/index.php\/wp-json\/wp\/v2\/dipi_cpt_category?post=278"}],"curies":[{"name":"wp","href":"https:\/\/api.w.org\/{rel}","templated":true}]}}